{"id":592,"date":"2021-02-23T10:28:43","date_gmt":"2021-02-23T13:28:43","guid":{"rendered":"https:\/\/gilbertocampelo.com.br\/vendas\/?page_id=592"},"modified":"2021-02-23T10:30:31","modified_gmt":"2021-02-23T13:30:31","slug":"politica-de-propriedade-intelectual","status":"publish","type":"page","link":"https:\/\/gilbertocampelo.com.br\/vendas\/politica-de-propriedade-intelectual\/","title":{"rendered":"Pol\u00edtica de propriedade intelectual"},"content":{"rendered":"\t\t<div data-elementor-type=\"wp-page\" data-elementor-id=\"592\" class=\"elementor elementor-592\" data-elementor-post-type=\"page\">\n\t\t\t\t\t\t<section class=\"elementor-section elementor-top-section elementor-element elementor-element-010f637 elementor-section-boxed elementor-section-height-default elementor-section-height-default\" data-id=\"010f637\" data-element_type=\"section\">\n\t\t\t\t\t\t<div class=\"elementor-container elementor-column-gap-default\">\n\t\t\t\t\t<div class=\"elementor-column elementor-col-100 elementor-top-column elementor-element elementor-element-c747afc\" data-id=\"c747afc\" data-element_type=\"column\">\n\t\t\t<div class=\"elementor-widget-wrap elementor-element-populated\">\n\t\t\t\t\t\t<div class=\"elementor-element elementor-element-8bbad52 elementor-widget elementor-widget-text-editor\" data-id=\"8bbad52\" data-element_type=\"widget\" data-widget_type=\"text-editor.default\">\n\t\t\t\t<div class=\"elementor-widget-container\">\n\t\t\t\t\t\t\t\t\t<p><span style=\"color: #000000;\"><em>Pol\u00edtica sobre propriedade intelectual A \u00faltima atualiza\u00e7\u00e3o desta Pol\u00edtica sobre propriedade intelectual ocorreu em 18 de janeiro de 2021.<\/em><\/span><\/p><p><span style=\"color: #000000;\">O Col\u00e9gio Gilberto Campelo \u00e9 uma plataforma de tecnologia que permite que qualquer pessoa, estude nossos cursos de aprendizado on-line. Nosso modelo de mercado prev\u00ea que n\u00e3o revisemos nem editemos os cursos lan\u00e7ados por parceiros em termos legais, e n\u00e3o temos condi\u00e7\u00f5es de determinar a legalidade do conte\u00fado dos cursos. No entanto, \u00e9 importante para n\u00f3s que os instrutores e parceiros que publicam cursos no Col\u00e9gio Gilberto Campelo respeitem a propriedade intelectual de terceiros. Quando os instrutores publicam cursos em nosso mercado, eles assumem o compromisso de que t\u00eam a autoriza\u00e7\u00e3o necess\u00e1ria ou os direitos para usar todo o conte\u00fado contido em seus cursos.<\/span><\/p><p><span style=\"color: #000000;\">Infra\u00e7\u00f5es n\u00e3o s\u00e3o toleradas em nossa plataforma nem por meio dela.<\/span><\/p><p><span style=\"color: #000000;\">Esta pol\u00edtica aborda o que fazemos no caso de den\u00fancias de infra\u00e7\u00e3o de direitos autorais de propriet\u00e1rios de conte\u00fado e de alega\u00e7\u00f5es de infra\u00e7\u00e3o de marcas comerciais de propriet\u00e1rios de marcas comerciais com rela\u00e7\u00e3o aos cursos na plataforma do Col\u00e9gio Gilberto Campelo. A pol\u00edtica tamb\u00e9m aborda o que fazemos quando os cursos de instrutores do Col\u00e9gio Gilberto Campelo s\u00e3o copiados em plataformas de terceiros sem seu consentimento.<\/span><\/p><p><span style=\"color: #000000;\">Den\u00fancias de infra\u00e7\u00e3o de direitos autorais de terceiros<\/span><\/p><p><span style=\"color: #000000;\">\u00c9 pol\u00edtica do Col\u00e9gio Gilberto Campelo remover cursos em nosso servi\u00e7o quando eles s\u00e3o denunciados por infringir um aviso de infra\u00e7\u00e3o de direitos autorais recebido do propriet\u00e1rio do conte\u00fado original. Tamb\u00e9m \u00e9 nossa pol\u00edtica remover todos os cursos de qualquer instrutor que seja considerado um infrator recorrente (em rela\u00e7\u00e3o a quem o Col\u00e9gio Gilberto Campelo tiver recebido mais de dois avisos v\u00e1lidos de remo\u00e7\u00e3o). Reservamo-nos o direito de encerrar a conta de um instrutor e ou parceiro a qualquer momento, incluindo quando eles publicam conte\u00fado que violem os direitos autorais de terceiros.<\/span><\/p><p><span style=\"color: #000000;\">Como fazer uma den\u00fancia<\/span><\/p><p><span style=\"color: #000000;\">Se voc\u00ea quiser denunciar um curso no mercado do Col\u00e9gio Gilberto Campelo e for o propriet\u00e1rio ou o respons\u00e1vel designado do propriet\u00e1rio dos direitos do conte\u00fado que acredita que o curso esteja infringindo, a forma mais eficiente e pelo e-mail: contato@gilbertocampelo.com.br.<\/span><\/p><p><span style=\"color: #000000;\">Antes de enviar uma den\u00fancia de infra\u00e7\u00e3o de direitos autorais, lembre-se destes aspectos importantes:<\/span><\/p><ol><li><span style=\"color: #000000;\"><strong>N\u00e3o podemos processar uma reivindica\u00e7\u00e3o de direitos autorais que n\u00e3o seja enviada pelo propriet\u00e1rio dos direitos autorais ou por seu respons\u00e1vel designado<\/strong>. Isso porque n\u00e3o temos como saber se o instrutor que publicou o curso que voc\u00ea est\u00e1 denunciando obteve permiss\u00e3o apropriada do propriet\u00e1rio para usar o conte\u00fado. Solicitaremos que voc\u00ea forne\u00e7a uma assinatura eletr\u00f4nica para confirmar que \u00e9 o propriet\u00e1rio dos direitos autorais ou tem autoridade para representar o propriet\u00e1rio dos direitos autorais (incluindo se o propriet\u00e1rio dos direitos autorais for uma organiza\u00e7\u00e3o).<\/span><\/li><li><span style=\"color: #000000;\"><strong>Sua reivindica\u00e7\u00e3o de direitos autorais tem de ser suficientemente corroborada para que possamos process\u00e1-la.<\/strong>\u00a0Isso significa:<\/span><ul><li><span style=\"color: #000000;\">Voc\u00ea fornece informa\u00e7\u00f5es suficientes para n\u00f3s o contatarmos, incluindo seu nome legal completo, um endere\u00e7o de e-mail, o endere\u00e7o f\u00edsico e um n\u00famero de telefone (opcional).<\/span><\/li><li><span style=\"color: #000000;\">Se voc\u00ea estiver fazendo uma den\u00fancia em nome de uma organiza\u00e7\u00e3o, inclua o nome da organiza\u00e7\u00e3o e seu relacionamento com a organiza\u00e7\u00e3o.<\/span><\/li><li><span style=\"color: #000000;\">Voc\u00ea identifica com precis\u00e3o o material original protegido por direitos autorais ou, se v\u00e1rias obras protegidas por direitos autorais estiverem abrangidas em sua notifica\u00e7\u00e3o, fornece uma lista suficientemente representativa de tal material original (como um URL onde o material est\u00e1 localizado);<\/span><\/li><li><span style=\"color: #000000;\">Voc\u00ea fornece informa\u00e7\u00f5es suficientes para n\u00f3s localizarmos o(s) curso(s) que alegadamente incorre em infra\u00e7\u00e3o no site do Col\u00e9gio Gilberto Campelo (o URL em nosso site e o nome exato do curso e do instrutor);<\/span><\/li><li><span style=\"color: #000000;\">Voc\u00ea inclui uma declara\u00e7\u00e3o dizendo: &#8220;Declaro, sob pena de perj\u00fario, que as informa\u00e7\u00f5es nesta reclama\u00e7\u00e3o s\u00e3o precisas e que sou o propriet\u00e1rio dos direitos autorais ou estou autorizado a atuar em nome do propriet\u00e1rio dos direitos autorais e acredito, de boa-f\u00e9, que o uso do material da maneira reclamada n\u00e3o \u00e9 autorizado pelo propriet\u00e1rio dos direitos autorais, por seu respons\u00e1vel ou pela legisla\u00e7\u00e3o.&#8221;<\/span><\/li><\/ul><\/li><li><span style=\"color: #000000;\"><strong>Enviar conscientemente uma alega\u00e7\u00e3o falsa ou enganosa de infra\u00e7\u00e3o \u00e9 ilegal e voc\u00ea poder\u00e1 ser responsabilizado e, como consequ\u00eancia, ter de arcar com os danos causados.<\/strong>\u00a0O Col\u00e9gio Gilberto Campelo se reserva o direito de buscar ressarcimento de danos de qualquer pessoa que enviar uma notifica\u00e7\u00e3o de infra\u00e7\u00e3o alegada que viole a lei.<\/span><\/li><li><span style=\"color: #000000;\"><strong>H\u00e1 tipos de conte\u00fado que n\u00e3o s\u00e3o protegidos por direitos autorais. A legisla\u00e7\u00e3o de direitos autorais n\u00e3o abrange frases curtas (como nomes comerciais, t\u00edtulos de livros e slogans), conceitos intang\u00edveis (como processos, ideias e receitas) ou fatos.<\/strong>\u00a0Antes de enviar uma reivindica\u00e7\u00e3o de direitos autorais, certifique-se de que o conte\u00fado copiado no curso \u00e9, de fato, protegido por direitos autorais.<\/span><\/li><li><span style=\"color: #000000;\"><strong>Considere se o uso do seu material no curso \u00e9 um &#8220;uso justo&#8221;.<\/strong>\u00a0A legisla\u00e7\u00e3o de direitos autorais inclui uma exce\u00e7\u00e3o de &#8220;uso justo&#8221; para determinados usos de conte\u00fado protegido por direitos autorais que s\u00e3o considerados de interesse p\u00fablico. O uso justo abrange aspectos como cr\u00edtica, coment\u00e1rio, not\u00edcias e pesquisa. Ao considerar se o uso do seu material em um curso se qualifica como uso justo, voc\u00ea deve ponderar:<\/span><ul><li><span style=\"color: #000000;\">A finalidade do uso (se o curso \u00e9 pago ou gratuito, se o curso critica\/parodia\/transforma seu material)<\/span><\/li><li><span style=\"color: #000000;\">O tipo de trabalho protegido por direitos autorais sendo usado (se seu trabalho \u00e9 factual ou criativo)<\/span><\/li><li><span style=\"color: #000000;\">A parte sendo usada (se o curso usa pequenos excertos necess\u00e1rios do seu material ou partes significativas dele)<\/span><\/li><li><span style=\"color: #000000;\">O efeito no mercado do seu material (se compradores em potencial comprariam o curso em vez do seu material)<\/span><\/li><\/ul><\/li><\/ol><p><span style=\"color: #000000;\">Antes de enviar uma reivindica\u00e7\u00e3o de direitos autorais, certifique-se de que o uso do conte\u00fado copiado no curso n\u00e3o se qualifique como uso justo.<\/span><\/p><p><span style=\"color: #000000;\">Contranotifica\u00e7\u00e3o<\/span><\/p><p><span style=\"color: #000000;\">Se recebermos uma den\u00fancia v\u00e1lida de viola\u00e7\u00e3o de direitos autorais, enviaremos uma c\u00f3pia dessa den\u00fancia ao instrutor\/parceiro que publicou o curso denunciado juntamente com uma notifica\u00e7\u00e3o que 1) o curso foi denunciado por infra\u00e7\u00e3o de direitos autorais e 2) estamos removendo o curso do servi\u00e7o do Col\u00e9gio Gilberto Campelo. Tamb\u00e9m anexaremos um formul\u00e1rio que o instrutor pode preencher e enviar de volta para n\u00f3s para encaminharmos uma contranotifica\u00e7\u00e3o. Se seu curso tiver sido denunciado por infra\u00e7\u00e3o de direitos autorais e removido do servi\u00e7o do Col\u00e9gio Gilberto Campelo, e se voc\u00ea acreditar que cometemos um equ\u00edvoco ou que tem permiss\u00e3o do propriet\u00e1rio do conte\u00fado denunciado para usar tal conte\u00fado em seu curso, ent\u00e3o voc\u00ea poder\u00e1 nos enviar uma contranotifica\u00e7\u00e3o.<\/span><\/p><p><span style=\"color: #000000;\">A melhor forma de nos fornecer uma contranotifica\u00e7\u00e3o \u00e9 responder o e-mail que enviamos a voc\u00ea e envi\u00e1-lo de volta ao respons\u00e1vel designado do Col\u00e9gio Gilberto Campelo ou ao membro da equipe de direitos autorais que lhe encaminhou a notifica\u00e7\u00e3o. Para ter efeito, uma contranotifica\u00e7\u00e3o deve ser realizada por escrito e incluir as seguintes informa\u00e7\u00f5es:<\/span><\/p><ul><li><span style=\"color: #000000;\">Sua assinatura f\u00edsica ou eletr\u00f4nica;<\/span><\/li><li><span style=\"color: #000000;\">Seu nome, endere\u00e7o e e-mail ou n\u00famero de telefone;<\/span><\/li><li><span style=\"color: #000000;\">A identifica\u00e7\u00e3o do curso que foi removido e o local (URL) no qual ele apareceu antes de ser removido (voc\u00ea pode acessar essas informa\u00e7\u00f5es na den\u00fancia de infra\u00e7\u00e3o de direitos autorais feita contra seu curso, sempre anexamos uma c\u00f3pia quando enviamos a notifica\u00e7\u00e3o);<\/span><\/li><li><span style=\"color: #000000;\">Uma declara\u00e7\u00e3o sob pena de perj\u00fario que voc\u00ea acredita, de boa-f\u00e9, que o material foi removido ou desativado como resultado de equ\u00edvoco ou erro de identifica\u00e7\u00e3o do material a ser removido ou desativado; e<\/span><\/li><li><span style=\"color: #000000;\">Uma declara\u00e7\u00e3o que voc\u00ea consente com (i) o compartilhamento pelo Col\u00e9gio Gilberto Campelo do seu nome e suas informa\u00e7\u00f5es de contato com o reclamante; (ii) o recebimento do servi\u00e7o de processo por qualquer a\u00e7\u00e3o legal de autoria do reclamante ou um respons\u00e1vel do reclamante.<\/span><\/li><\/ul><p><span style=\"color: #000000;\"><strong>Enviar conscientemente uma contranotifica\u00e7\u00e3o falsa ou enganosa a uma alega\u00e7\u00e3o de infra\u00e7\u00e3o \u00e9 ilegal e voc\u00ea poder\u00e1 ser responsabilizado e, como consequ\u00eancia, ter de arcar com danos.<\/strong>\u00a0O Col\u00e9gio Gilberto Campelo se reserva o direito de buscar ressarcimento de danos de qualquer parte que enviar uma contranotifica\u00e7\u00e3o de infra\u00e7\u00e3o alegada ou contranotifica\u00e7\u00e3o que viole a lei.<\/span><\/p><p><span style=\"color: #000000;\">Den\u00fancias de instrutores de infra\u00e7\u00e3o de conte\u00fado em outras plataformas<\/span><\/p><p><span style=\"color: #000000;\">Entendemos que quando publica e disponibiliza seus cursos no marketplace do Col\u00e9gio Gilberto Campelo, voc\u00ea deseja assegurar que n\u00e3o encontrar\u00e1 os cursos oferecidos em outra plataforma sem sua permiss\u00e3o.<\/span><\/p><p><span style=\"color: #000000;\">Den\u00fancias de infra\u00e7\u00e3o de marcas comerciais de terceiros<\/span><\/p><p><span style=\"color: #000000;\">\u00c9 pol\u00edtica do Col\u00e9gio Gilberto Campelo remover cursos do nosso servi\u00e7o quando eles forem denunciados por infringir uma marca comercial de terceiros. Tamb\u00e9m nos reservamos o direito de encerrar a conta de um instrutor a qualquer momento, incluindo quando eles publiquem conte\u00fado que violem os direitos das marcas comerciais de terceiros.<\/span><\/p><p><span style=\"color: #000000;\">Como enviar uma den\u00fancia de infra\u00e7\u00e3o de marcas comerciais<\/span><\/p><p><span style=\"color: #000000;\">A forma mais r\u00e1pida e mais simples de enviar uma den\u00fancia de infra\u00e7\u00e3o de marcas comerciais para n\u00f3s \u00e9 enviar um aviso para o respons\u00e1vel designado contendo as informa\u00e7\u00f5es identificadas abaixo. Uma c\u00f3pia do seu aviso ser\u00e1 enviada \u00e0 parte que publicou o conte\u00fado que voc\u00ea est\u00e1 denunciando. Antes de enviar uma den\u00fancia de infra\u00e7\u00e3o de marcas comerciais, lembre-se destes aspectos importantes:<\/span><\/p><ol><li><span style=\"color: #000000;\"><strong>Sua reivindica\u00e7\u00e3o de marcas comerciais tem de ser suficientemente corroborada para que possamos process\u00e1-la.<\/strong>\u00a0Isso significa que sua comunica\u00e7\u00e3o deve incluir substancialmente o seguinte:<\/span><ul><li><span style=\"color: #000000;\">Suas informa\u00e7\u00f5es de contato completas (nome completo, endere\u00e7o de correspond\u00eancia e e-mail ou n\u00famero de telefone).<\/span><\/li><li><span style=\"color: #000000;\">A palavra ou o s\u00edmbolo espec\u00edfico, entre outros, em rela\u00e7\u00e3o ao qual voc\u00ea reivindica direitos da marca comercial.<\/span><\/li><li><span style=\"color: #000000;\">A base para sua reclama\u00e7\u00e3o de direitos de marca registrada (como um registro nacional ou p\u00fablico), incluindo o n\u00famero do registro, se aplic\u00e1vel.<\/span><\/li><li><span style=\"color: #000000;\">O pa\u00eds ou a jurisdi\u00e7\u00e3o onde voc\u00ea reivindica os direitos da marca comercial.<\/span><\/li><li><span style=\"color: #000000;\">A categoria dos bens e\/ou servi\u00e7os sobre os quais voc\u00ea afirma ter direitos.<\/span><\/li><li><span style=\"color: #000000;\">Informa\u00e7\u00f5es suficientes para que localizemos o material no Col\u00e9gio Gilberto Campelo que voc\u00ea acredita que viole seus direitos da marca comercial (endere\u00e7os da Web\/URLs do conte\u00fado que alegadamente incorra em infra\u00e7\u00e3o).<\/span><\/li><li><span style=\"color: #000000;\">Uma descri\u00e7\u00e3o de como voc\u00ea acredita que este conte\u00fado infrinja a sua marca comercial.<\/span><\/li><li><span style=\"color: #000000;\">Se voc\u00ea n\u00e3o for o detentor dos direitos, uma explica\u00e7\u00e3o do seu relacionamento com o detentor dos direitos.<\/span><\/li><li><span style=\"color: #000000;\">A seguinte declara\u00e7\u00e3o: &#8220;Acredito, de boa-f\u00e9, que o uso da marca comercial conforme descrito acima da maneira reclamada n\u00e3o \u00e9 autorizado pelo propriet\u00e1rio da marca comercial, por seu respons\u00e1vel ou pela legisla\u00e7\u00e3o.&#8221;<\/span><\/li><li><span style=\"color: #000000;\">A seguinte declara\u00e7\u00e3o: &#8220;As informa\u00e7\u00f5es neste aviso s\u00e3o precisas e declaro, sob pena de perj\u00fario, que sou o propriet\u00e1rio ou tenho autoriza\u00e7\u00e3o para atuar em nome do propriet\u00e1rio de uma marca comercial que seja alegadamente infringida.&#8221;<\/span><\/li><li><span style=\"color: #000000;\">Sua assinatura eletr\u00f4nica (&#8220;\/s\/&#8221; seguido pelo seu nome completo, por ex., &#8220;\/s\/ Fulana de Tal&#8221;) ou assinatura f\u00edsica.<\/span><\/li><\/ul><\/li><li><span style=\"color: #000000;\"><strong>Enviar uma alega\u00e7\u00e3o falsa ou enganosa de infra\u00e7\u00e3o poder\u00e1 acarretar a sua responsabiliza\u00e7\u00e3o.<\/strong>\u00a0O Col\u00e9gio Gilberto Campelo se reserva o direito de buscar ressarcimento de danos de qualquer parte que envie uma notifica\u00e7\u00e3o falsa ou enganosa da infra\u00e7\u00e3o alegada da marca comercial.<\/span><\/li><li><span style=\"color: #000000;\"><strong>Considere se o uso da sua marca comercial no curso \u00e9 um &#8220;uso normativo justo&#8221;.<\/strong>\u00a0A legisla\u00e7\u00e3o de marcas comerciais protege o uso de um nome ou uma marca para a venda de produtos e servi\u00e7os, com a meta de evitar confus\u00e3o para o consumidor. As leis da maioria dos pa\u00edses incluem uma exce\u00e7\u00e3o para &#8220;uso justo&#8221;, o que permite que terceiros usem uma marca comercial para fazer refer\u00eancia factual ao produto ou servi\u00e7o da marca comercial, ou comentem ou critiquem a marca. Considere a probabilidade de os terceiros se confundirem ao pensar que sua empresa ou marca havia criado ou est\u00e1 patrocinando o curso. Antes de enviar uma reivindica\u00e7\u00e3o de marca comercial, certifique-se de que o uso da sua marca comercial no curso n\u00e3o se qualifica como uso justo.<\/span><\/li><\/ol><p><span style=\"color: #000000;\">Informa\u00e7\u00f5es de contato do respons\u00e1vel designado<\/span><\/p><p><span style=\"color: #000000;\">O respons\u00e1vel designado do Col\u00e9gio Gilberto Campelo por avisos de infra\u00e7\u00f5es denunciadas pode ser contatado da seguinte maneira:<\/span><\/p><ul><li><span style=\"color: #000000;\">Via e-mail:\u00a0<a style=\"color: #000000;\" href=\"mailto:contao@estudoflix.com.br\">contao@estudoflix.com.br<\/a><\/span><\/li><\/ul>\t\t\t\t\t\t\t\t<\/div>\n\t\t\t\t<\/div>\n\t\t\t\t\t<\/div>\n\t\t<\/div>\n\t\t\t\t\t<\/div>\n\t\t<\/section>\n\t\t\t\t<\/div>\n\t\t","protected":false},"excerpt":{"rendered":"<p>Pol\u00edtica sobre propriedade intelectual A \u00faltima atualiza\u00e7\u00e3o desta Pol\u00edtica sobre propriedade intelectual ocorreu em 18 de janeiro de 2021. O Col\u00e9gio Gilberto Campelo \u00e9 uma plataforma de tecnologia que permite que qualquer pessoa, estude nossos cursos de aprendizado on-line. Nosso modelo de mercado prev\u00ea que n\u00e3o revisemos nem editemos os cursos lan\u00e7ados por parceiros em [&hellip;]<\/p>\n","protected":false},"author":1,"featured_media":0,"parent":0,"menu_order":0,"comment_status":"closed","ping_status":"closed","template":"","meta":{"footnotes":""},"class_list":["post-592","page","type-page","status-publish","hentry"],"jetpack_sharing_enabled":true,"_links":{"self":[{"href":"https:\/\/gilbertocampelo.com.br\/vendas\/wp-json\/wp\/v2\/pages\/592","targetHints":{"allow":["GET"]}}],"collection":[{"href":"https:\/\/gilbertocampelo.com.br\/vendas\/wp-json\/wp\/v2\/pages"}],"about":[{"href":"https:\/\/gilbertocampelo.com.br\/vendas\/wp-json\/wp\/v2\/types\/page"}],"author":[{"embeddable":true,"href":"https:\/\/gilbertocampelo.com.br\/vendas\/wp-json\/wp\/v2\/users\/1"}],"replies":[{"embeddable":true,"href":"https:\/\/gilbertocampelo.com.br\/vendas\/wp-json\/wp\/v2\/comments?post=592"}],"version-history":[{"count":0,"href":"https:\/\/gilbertocampelo.com.br\/vendas\/wp-json\/wp\/v2\/pages\/592\/revisions"}],"wp:attachment":[{"href":"https:\/\/gilbertocampelo.com.br\/vendas\/wp-json\/wp\/v2\/media?parent=592"}],"curies":[{"name":"wp","href":"https:\/\/api.w.org\/{rel}","templated":true}]}}